{"id":44,"date":"2026-08-12T15:04:26","date_gmt":"2026-08-12T15:04:26","guid":{"rendered":"https:\/\/www.jf-sbarnabe.pt\/dev\/?page_id=44"},"modified":"2026-08-13T16:56:38","modified_gmt":"2026-08-13T16:56:38","slug":"historia","status":"publish","type":"page","link":"https:\/\/www.jf-sbarnabe.pt\/dev\/historia\/","title":{"rendered":"Hist\u00f3ria"},"content":{"rendered":"\t\t<div data-elementor-type=\"wp-page\" data-elementor-id=\"44\" class=\"elementor elementor-44\">\n\t\t\t\t<div class=\"elementor-element elementor-element-3f3f9cbb e-flex e-con-boxed e-con e-parent\" data-id=\"3f3f9cbb\" data-element_type=\"container\" data-e-type=\"container\" data-settings=\"{&quot;background_background&quot;:&quot;classic&quot;}\">\n\t\t\t\t\t<div class=\"e-con-inner\">\n\t\t<div class=\"elementor-element elementor-element-6e94dcdc e-flex e-con-boxed e-con e-child\" data-id=\"6e94dcdc\" data-element_type=\"container\" data-e-type=\"container\">\n\t\t\t\t\t<div class=\"e-con-inner\">\n\t\t\t\t<div class=\"elementor-element elementor-element-2329bf51 elementor-widget elementor-widget-heading\" data-id=\"2329bf51\" data-element_type=\"widget\" data-e-type=\"widget\" data-widget_type=\"heading.default\">\n\t\t\t\t\t<h1 class=\"elementor-heading-title elementor-size-default\">A Nossa Hist\u00f3ria, as Nossas Ra\u00edzes<\/h1>\t\t\t\t<\/div>\n\t\t\t\t<div class=\"elementor-element elementor-element-4d4adb5d elementor-widget-divider--view-line elementor-widget elementor-widget-divider\" data-id=\"4d4adb5d\" data-element_type=\"widget\" data-e-type=\"widget\" data-widget_type=\"divider.default\">\n\t\t\t\t\t\t\t<div class=\"elementor-divider\">\n\t\t\t<span class=\"elementor-divider-separator\">\n\t\t\t\t\t\t<\/span>\n\t\t<\/div>\n\t\t\t\t\t\t<\/div>\n\t\t\t\t<div class=\"elementor-element elementor-element-5b09f434 elementor-widget elementor-widget-text-editor\" data-id=\"5b09f434\" data-element_type=\"widget\" data-e-type=\"widget\" data-widget_type=\"text-editor.default\">\n\t\t\t\t\t\t\t\t\t<p>Conhe\u00e7a a hist\u00f3ria, o territ\u00f3rio e as tradi\u00e7\u00f5es que fazem de S\u00e3o Barnab\u00e9 uma freguesia \u00fanica.<\/p>\t\t\t\t\t\t\t\t<\/div>\n\t\t\t\t\t<\/div>\n\t\t\t\t<\/div>\n\t\t\t\t\t<\/div>\n\t\t\t\t<\/div>\n\t\t<div class=\"elementor-element elementor-element-29ccd95c e-flex e-con-boxed e-con e-parent\" data-id=\"29ccd95c\" data-element_type=\"container\" data-e-type=\"container\" data-settings=\"{&quot;background_background&quot;:&quot;classic&quot;}\">\n\t\t\t\t\t<div class=\"e-con-inner\">\n\t\t<div class=\"elementor-element elementor-element-3b2e2570 e-flex e-con-boxed e-con e-child\" data-id=\"3b2e2570\" data-element_type=\"container\" data-e-type=\"container\">\n\t\t\t\t\t<div class=\"e-con-inner\">\n\t\t\t\t<div class=\"elementor-element elementor-element-59073551 elementor-widget elementor-widget-heading\" data-id=\"59073551\" data-element_type=\"widget\" data-e-type=\"widget\" data-widget_type=\"heading.default\">\n\t\t\t\t\t<h6 class=\"elementor-heading-title elementor-size-default\">A NOSSA HIST\u00d3RIA<\/h6>\t\t\t\t<\/div>\n\t\t\t\t<div class=\"elementor-element elementor-element-3620ee0d elementor-widget elementor-widget-heading\" data-id=\"3620ee0d\" data-element_type=\"widget\" data-e-type=\"widget\" data-widget_type=\"heading.default\">\n\t\t\t\t\t<h2 class=\"elementor-heading-title elementor-size-default\">A Hist\u00f3ria de S\u00e3o Barnab\u00e9<\/h2>\t\t\t\t<\/div>\n\t\t\t\t<div class=\"elementor-element elementor-element-62cd04a8 elementor-widget elementor-widget-text-editor\" data-id=\"62cd04a8\" data-element_type=\"widget\" data-e-type=\"widget\" data-widget_type=\"text-editor.default\">\n\t\t\t\t\t\t\t\t\t<p>As origens de S\u00e3o Barnab\u00e9 perdem-se no tempo. O povoamento do territ\u00f3rio \u00e9 muito antigo, remontando \u00e0 civiliza\u00e7\u00e3o castreja e passando posteriormente pela presen\u00e7a romana e pela influ\u00eancia da Ordem Militar de Santiago.<\/p><p>Ao longo dos s\u00e9culos, diferentes per\u00edodos hist\u00f3ricos deixaram marcas no territ\u00f3rio, nas povoa\u00e7\u00f5es, nos caminhos, no patrim\u00f3nio religioso e nas tradi\u00e7\u00f5es da freguesia.<\/p>\t\t\t\t\t\t\t\t<\/div>\n\t\t\t\t\t<\/div>\n\t\t\t\t<\/div>\n\t\t<div class=\"elementor-element elementor-element-782db0d2 e-flex e-con-boxed e-con e-child\" data-id=\"782db0d2\" data-element_type=\"container\" data-e-type=\"container\">\n\t\t\t\t\t<div class=\"e-con-inner\">\n\t\t\t\t\t<\/div>\n\t\t\t\t<\/div>\n\t\t\t\t\t<\/div>\n\t\t\t\t<\/div>\n\t\t<div class=\"elementor-element elementor-element-5954c0ee e-flex e-con-boxed e-con e-parent\" data-id=\"5954c0ee\" data-element_type=\"container\" data-e-type=\"container\" data-settings=\"{&quot;background_background&quot;:&quot;classic&quot;}\">\n\t\t\t\t\t<div class=\"e-con-inner\">\n\t\t\t\t<div class=\"elementor-element elementor-element-387f4d60 elementor-view-stacked elementor-shape-circle elementor-widget elementor-widget-icon\" data-id=\"387f4d60\" data-element_type=\"widget\" data-e-type=\"widget\" data-widget_type=\"icon.default\">\n\t\t\t\t\t\t\t<div class=\"elementor-icon-wrapper\">\n\t\t\t<div class=\"elementor-icon\">\n\t\t\t<i aria-hidden=\"true\" class=\"fas fa-book-open\"><\/i>\t\t\t<\/div>\n\t\t<\/div>\n\t\t\t\t\t\t<\/div>\n\t\t<div class=\"elementor-element elementor-element-751ac0e5 e-flex e-con-boxed e-con e-child\" data-id=\"751ac0e5\" data-element_type=\"container\" data-e-type=\"container\">\n\t\t\t\t\t<div class=\"e-con-inner\">\n\t\t\t\t<div class=\"elementor-element elementor-element-51f5fb13 elementor-widget elementor-widget-heading\" data-id=\"51f5fb13\" data-element_type=\"widget\" data-e-type=\"widget\" data-widget_type=\"heading.default\">\n\t\t\t\t\t<h6 class=\"elementor-heading-title elementor-size-default\">TRADI\u00c7\u00c3O ORAL<\/h6>\t\t\t\t<\/div>\n\t\t\t\t<div class=\"elementor-element elementor-element-22aad590 elementor-widget elementor-widget-heading\" data-id=\"22aad590\" data-element_type=\"widget\" data-e-type=\"widget\" data-widget_type=\"heading.default\">\n\t\t\t\t\t<h2 class=\"elementor-heading-title elementor-size-default\">A Lenda da Funda\u00e7\u00e3o de S\u00e3o Barnab\u00e9<\/h2>\t\t\t\t<\/div>\n\t\t\t\t<div class=\"elementor-element elementor-element-4d06b53 elementor-widget elementor-widget-text-editor\" data-id=\"4d06b53\" data-element_type=\"widget\" data-e-type=\"widget\" data-widget_type=\"text-editor.default\">\n\t\t\t\t\t\t\t\t\t<p>Conta a tradi\u00e7\u00e3o que, quando os moradores quiseram fundar a aldeia \u201cl\u00e1 nas alturas\u201d, as ferramentas dos pedreiros desapareciam durante a noite para serem encontradas no local onde hoje se ergue a Igreja Matriz. O povo interpretou o sucedido como vontade de S\u00e3o Barnab\u00e9 permanecer num lugar mais baixo e humilde.<\/p>\t\t\t\t\t\t\t\t<\/div>\n\t\t\t\t<div class=\"elementor-element elementor-element-76a93ad elementor-widget elementor-widget-accordion\" data-id=\"76a93ad\" data-element_type=\"widget\" data-e-type=\"widget\" data-widget_type=\"accordion.default\">\n\t\t\t\t\t\t\t<div class=\"elementor-accordion\">\n\t\t\t\t\t\t\t<div class=\"elementor-accordion-item\">\n\t\t\t\t\t<div id=\"elementor-tab-title-1241\" class=\"elementor-tab-title\" data-tab=\"1\" role=\"button\" aria-controls=\"elementor-tab-content-1241\" aria-expanded=\"false\">\n\t\t\t\t\t\t\t\t\t\t\t\t\t<span class=\"elementor-accordion-icon elementor-accordion-icon-left\" aria-hidden=\"true\">\n\t\t\t\t\t\t\t\t\t\t\t\t\t\t\t<span class=\"elementor-accordion-icon-closed\"><i class=\"fas fa-plus\"><\/i><\/span>\n\t\t\t\t\t\t\t\t<span class=\"elementor-accordion-icon-opened\"><i class=\"fas fa-minus\"><\/i><\/span>\n\t\t\t\t\t\t\t\t\t\t\t\t\t\t<\/span>\n\t\t\t\t\t\t\t\t\t\t\t\t<a class=\"elementor-accordion-title\" tabindex=\"0\">Ler a lenda completa<\/a>\n\t\t\t\t\t<\/div>\n\t\t\t\t\t<div id=\"elementor-tab-content-1241\" class=\"elementor-tab-content elementor-clearfix\" data-tab=\"1\" role=\"region\" aria-labelledby=\"elementor-tab-title-1241\"><p>A funda\u00e7\u00e3o da aldeia de S. Barnab\u00e9 \u00e9 de data desconhecida e antiqu\u00edssima, tendo tamb\u00e9m a sua lenda. Existiu outrora, em tempos muito recuados, um lavrador abastado, que pretendia que a funda\u00e7\u00e3o da aldeia fosse no local onde hoje se situa. O povo, por\u00e9m, preferia que se fizesse \u201cl\u00e1 nas alturas\u201d, isto \u00e9, na Corte Figueira dos Coelhos.<\/p><p>Come\u00e7ados os trabalhos para a funda\u00e7\u00e3o da aldeia, no local escolhido pelo povo, ao fim do dia os pedreiros deixavam as ferramentas na obra. De manh\u00e3, quando regressavam para continuar o trabalho, as ferramentas tinham desaparecido, para serem encontradas l\u00e1 em baixo, no local onde hoje se levanta a Igreja Matriz da aldeia.<\/p><p>O povo, atribuindo o facto a S. Barnab\u00e9, interpretou-o como sendo vontade do santo querer ficar no local onde hoje se encontra e n\u00e3o nas alturas. Contaram ainda que o dito lavrador mandava todas as noites um pastor seu, vestido de S\u00e3o Barnab\u00e9, levar as ferramentas l\u00e1 para baixo. Segundo a tradi\u00e7\u00e3o, ainda hoje se podem ver os alicerces da funda\u00e7\u00e3o perto da Corte Figueira dos Coelhos.<\/p><\/div>\n\t\t\t\t<\/div>\n\t\t\t\t\t\t\t\t<\/div>\n\t\t\t\t\t\t<\/div>\n\t\t\t\t<div class=\"elementor-element elementor-element-2dbb5cb4 elementor-widget elementor-widget-text-editor\" data-id=\"2dbb5cb4\" data-element_type=\"widget\" data-e-type=\"widget\" data-widget_type=\"text-editor.default\">\n\t\t\t\t\t\t\t\t\t<p><strong>Fonte:<\/strong> Centro de Estudos Ata\u00edde Oliveira \u2014 Arquivo Portugu\u00eas de Lendas<\/p>\t\t\t\t\t\t\t\t<\/div>\n\t\t\t\t\t<\/div>\n\t\t\t\t<\/div>\n\t\t\t\t\t<\/div>\n\t\t\t\t<\/div>\n\t\t<div class=\"elementor-element elementor-element-10ce3fc6 e-flex e-con-boxed e-con e-parent\" data-id=\"10ce3fc6\" data-element_type=\"container\" data-e-type=\"container\" data-settings=\"{&quot;background_background&quot;:&quot;classic&quot;}\">\n\t\t\t\t\t<div class=\"e-con-inner\">\n\t\t\t\t<div class=\"elementor-element elementor-element-253841fc elementor-widget elementor-widget-heading\" data-id=\"253841fc\" data-element_type=\"widget\" data-e-type=\"widget\" data-widget_type=\"heading.default\">\n\t\t\t\t\t<h2 class=\"elementor-heading-title elementor-size-default\">A Nossa Hist\u00f3ria ao Longo do Tempo<\/h2>\t\t\t\t<\/div>\n\t\t\t\t<div class=\"elementor-element elementor-element-2d2a2e52 elementor-widget-divider--view-line elementor-widget elementor-widget-divider\" data-id=\"2d2a2e52\" data-element_type=\"widget\" data-e-type=\"widget\" data-widget_type=\"divider.default\">\n\t\t\t\t\t\t\t<div class=\"elementor-divider\">\n\t\t\t<span class=\"elementor-divider-separator\">\n\t\t\t\t\t\t<\/span>\n\t\t<\/div>\n\t\t\t\t\t\t<\/div>\n\t\t\t\t\t<\/div>\n\t\t\t\t<\/div>\n\t\t<div class=\"elementor-element elementor-element-2982ddab e-grid e-con-boxed e-con e-parent\" data-id=\"2982ddab\" data-element_type=\"container\" data-e-type=\"container\" data-settings=\"{&quot;background_background&quot;:&quot;classic&quot;}\">\n\t\t\t\t\t<div class=\"e-con-inner\">\n\t\t<div class=\"elementor-element elementor-element-7764eaa8 e-flex e-con-boxed e-con e-child\" data-id=\"7764eaa8\" data-element_type=\"container\" data-e-type=\"container\">\n\t\t\t\t\t<div class=\"e-con-inner\">\n\t\t\t\t<div class=\"elementor-element elementor-element-38569fba elementor-view-stacked elementor-shape-circle elementor-widget elementor-widget-icon\" data-id=\"38569fba\" data-element_type=\"widget\" data-e-type=\"widget\" data-widget_type=\"icon.default\">\n\t\t\t\t\t\t\t<div class=\"elementor-icon-wrapper\">\n\t\t\t<div class=\"elementor-icon\">\n\t\t\t<i aria-hidden=\"true\" class=\"fas fa-users\"><\/i>\t\t\t<\/div>\n\t\t<\/div>\n\t\t\t\t\t\t<\/div>\n\t\t\t\t<div class=\"elementor-element elementor-element-baa5ffc elementor-widget elementor-widget-heading\" data-id=\"baa5ffc\" data-element_type=\"widget\" data-e-type=\"widget\" data-widget_type=\"heading.default\">\n\t\t\t\t\t<h5 class=\"elementor-heading-title elementor-size-default\">Povoamento Antigo<\/h5>\t\t\t\t<\/div>\n\t\t\t\t<div class=\"elementor-element elementor-element-ae114e7 elementor-widget elementor-widget-text-editor\" data-id=\"ae114e7\" data-element_type=\"widget\" data-e-type=\"widget\" data-widget_type=\"text-editor.default\">\n\t\t\t\t\t\t\t\t\t<p>Remonta ao tempo da civiliza\u00e7\u00e3o castreja, quando as popula\u00e7\u00f5es constru\u00edam os seus castros no cimo dos outeiros.<\/p>\t\t\t\t\t\t\t\t<\/div>\n\t\t\t\t\t<\/div>\n\t\t\t\t<\/div>\n\t\t<div class=\"elementor-element elementor-element-375ebf4 e-flex e-con-boxed e-con e-child\" data-id=\"375ebf4\" data-element_type=\"container\" data-e-type=\"container\">\n\t\t\t\t\t<div class=\"e-con-inner\">\n\t\t\t\t<div class=\"elementor-element elementor-element-91e366a elementor-view-stacked elementor-shape-circle elementor-widget elementor-widget-icon\" data-id=\"91e366a\" data-element_type=\"widget\" data-e-type=\"widget\" data-widget_type=\"icon.default\">\n\t\t\t\t\t\t\t<div class=\"elementor-icon-wrapper\">\n\t\t\t<div class=\"elementor-icon\">\n\t\t\t<i aria-hidden=\"true\" class=\"fas fa-landmark\"><\/i>\t\t\t<\/div>\n\t\t<\/div>\n\t\t\t\t\t\t<\/div>\n\t\t\t\t<div class=\"elementor-element elementor-element-6c8263d9 elementor-widget elementor-widget-heading\" data-id=\"6c8263d9\" data-element_type=\"widget\" data-e-type=\"widget\" data-widget_type=\"heading.default\">\n\t\t\t\t\t<h5 class=\"elementor-heading-title elementor-size-default\">Per\u00edodo Romano<\/h5>\t\t\t\t<\/div>\n\t\t\t\t<div class=\"elementor-element elementor-element-7a9fb1c2 elementor-widget elementor-widget-text-editor\" data-id=\"7a9fb1c2\" data-element_type=\"widget\" data-e-type=\"widget\" data-widget_type=\"text-editor.default\">\n\t\t\t\t\t\t\t\t\t<p>As popula\u00e7\u00f5es descem dos castros e fixam-se nos vales e zonas f\u00e9rteis, fundando \u201cvillas\u201d e construindo pontes e estradas.<\/p>\t\t\t\t\t\t\t\t<\/div>\n\t\t\t\t\t<\/div>\n\t\t\t\t<\/div>\n\t\t<div class=\"elementor-element elementor-element-26a6aee5 e-flex e-con-boxed e-con e-child\" data-id=\"26a6aee5\" data-element_type=\"container\" data-e-type=\"container\">\n\t\t\t\t\t<div class=\"e-con-inner\">\n\t\t\t\t<div class=\"elementor-element elementor-element-2d86a4ba elementor-view-stacked elementor-shape-circle elementor-widget elementor-widget-icon\" data-id=\"2d86a4ba\" data-element_type=\"widget\" data-e-type=\"widget\" data-widget_type=\"icon.default\">\n\t\t\t\t\t\t\t<div class=\"elementor-icon-wrapper\">\n\t\t\t<div class=\"elementor-icon\">\n\t\t\t<i aria-hidden=\"true\" class=\"fas fa-cross\"><\/i>\t\t\t<\/div>\n\t\t<\/div>\n\t\t\t\t\t\t<\/div>\n\t\t\t\t<div class=\"elementor-element elementor-element-69457873 elementor-widget elementor-widget-heading\" data-id=\"69457873\" data-element_type=\"widget\" data-e-type=\"widget\" data-widget_type=\"heading.default\">\n\t\t\t\t\t<h5 class=\"elementor-heading-title elementor-size-default\">Idade M\u00e9dia<\/h5>\t\t\t\t<\/div>\n\t\t\t\t<div class=\"elementor-element elementor-element-1760bcde elementor-widget elementor-widget-text-editor\" data-id=\"1760bcde\" data-element_type=\"widget\" data-e-type=\"widget\" data-widget_type=\"text-editor.default\">\n\t\t\t\t\t\t\t\t\t<p>A Ordem Militar de Santiago implanta-se na freguesia, impulsionando o seu desenvolvimento.<\/p>\t\t\t\t\t\t\t\t<\/div>\n\t\t\t\t\t<\/div>\n\t\t\t\t<\/div>\n\t\t<div class=\"elementor-element elementor-element-dc0b38a e-flex e-con-boxed e-con e-child\" data-id=\"dc0b38a\" data-element_type=\"container\" data-e-type=\"container\">\n\t\t\t\t\t<div class=\"e-con-inner\">\n\t\t\t\t<div class=\"elementor-element elementor-element-6eecea8 elementor-view-stacked elementor-shape-circle elementor-widget elementor-widget-icon\" data-id=\"6eecea8\" data-element_type=\"widget\" data-e-type=\"widget\" data-widget_type=\"icon.default\">\n\t\t\t\t\t\t\t<div class=\"elementor-icon-wrapper\">\n\t\t\t<div class=\"elementor-icon\">\n\t\t\t<i aria-hidden=\"true\" class=\"fas fa-church\"><\/i>\t\t\t<\/div>\n\t\t<\/div>\n\t\t\t\t\t\t<\/div>\n\t\t\t\t<div class=\"elementor-element elementor-element-103b9c0b elementor-widget elementor-widget-heading\" data-id=\"103b9c0b\" data-element_type=\"widget\" data-e-type=\"widget\" data-widget_type=\"heading.default\">\n\t\t\t\t\t<h5 class=\"elementor-heading-title elementor-size-default\">S\u00e9culo XVII<\/h5>\t\t\t\t<\/div>\n\t\t\t\t<div class=\"elementor-element elementor-element-15285aaf elementor-widget elementor-widget-text-editor\" data-id=\"15285aaf\" data-element_type=\"widget\" data-e-type=\"widget\" data-widget_type=\"text-editor.default\">\n\t\t\t\t\t\t\t\t\t<p>Santa Susana constitu\u00eda uma freguesia independente e possu\u00eda uma igreja pr\u00f3pria.<\/p>\t\t\t\t\t\t\t\t<\/div>\n\t\t\t\t\t<\/div>\n\t\t\t\t<\/div>\n\t\t<div class=\"elementor-element elementor-element-cb80a17 e-flex e-con-boxed e-con e-child\" data-id=\"cb80a17\" data-element_type=\"container\" data-e-type=\"container\">\n\t\t\t\t\t<div class=\"e-con-inner\">\n\t\t\t\t<div class=\"elementor-element elementor-element-7bc6a761 elementor-view-stacked elementor-shape-circle elementor-widget elementor-widget-icon\" data-id=\"7bc6a761\" data-element_type=\"widget\" data-e-type=\"widget\" data-widget_type=\"icon.default\">\n\t\t\t\t\t\t\t<div class=\"elementor-icon-wrapper\">\n\t\t\t<div class=\"elementor-icon\">\n\t\t\t<i aria-hidden=\"true\" class=\"fas fa-map-marker-alt\"><\/i>\t\t\t<\/div>\n\t\t<\/div>\n\t\t\t\t\t\t<\/div>\n\t\t\t\t<div class=\"elementor-element elementor-element-58a65b71 elementor-widget elementor-widget-heading\" data-id=\"58a65b71\" data-element_type=\"widget\" data-e-type=\"widget\" data-widget_type=\"heading.default\">\n\t\t\t\t\t<h5 class=\"elementor-heading-title elementor-size-default\">1852<\/h5>\t\t\t\t<\/div>\n\t\t\t\t<div class=\"elementor-element elementor-element-4d71d294 elementor-widget elementor-widget-text-editor\" data-id=\"4d71d294\" data-element_type=\"widget\" data-e-type=\"widget\" data-widget_type=\"text-editor.default\">\n\t\t\t\t\t\t\t\t\t<p>S\u00e3o Barnab\u00e9 pertencia \u00e0 comarca de M\u00e9rtola.<\/p>\t\t\t\t\t\t\t\t<\/div>\n\t\t\t\t\t<\/div>\n\t\t\t\t<\/div>\n\t\t<div class=\"elementor-element elementor-element-307b0be1 e-flex e-con-boxed e-con e-child\" data-id=\"307b0be1\" data-element_type=\"container\" data-e-type=\"container\">\n\t\t\t\t\t<div class=\"e-con-inner\">\n\t\t\t\t<div class=\"elementor-element elementor-element-1f03e8da elementor-view-stacked elementor-shape-circle elementor-widget elementor-widget-icon\" data-id=\"1f03e8da\" data-element_type=\"widget\" data-e-type=\"widget\" data-widget_type=\"icon.default\">\n\t\t\t\t\t\t\t<div class=\"elementor-icon-wrapper\">\n\t\t\t<div class=\"elementor-icon\">\n\t\t\t<i aria-hidden=\"true\" class=\"fas fa-map-marker-alt\"><\/i>\t\t\t<\/div>\n\t\t<\/div>\n\t\t\t\t\t\t<\/div>\n\t\t\t\t<div class=\"elementor-element elementor-element-6b473e7b elementor-widget elementor-widget-heading\" data-id=\"6b473e7b\" data-element_type=\"widget\" data-e-type=\"widget\" data-widget_type=\"heading.default\">\n\t\t\t\t\t<h5 class=\"elementor-heading-title elementor-size-default\">1885<\/h5>\t\t\t\t<\/div>\n\t\t\t\t<div class=\"elementor-element elementor-element-6a0b2427 elementor-widget elementor-widget-text-editor\" data-id=\"6a0b2427\" data-element_type=\"widget\" data-e-type=\"widget\" data-widget_type=\"text-editor.default\">\n\t\t\t\t\t\t\t\t\t<p>A freguesia passa a pertencer \u00e0 comarca de Ourique.<\/p>\t\t\t\t\t\t\t\t<\/div>\n\t\t\t\t\t<\/div>\n\t\t\t\t<\/div>\n\t\t<div class=\"elementor-element elementor-element-45dcfd49 e-flex e-con-boxed e-con e-child\" data-id=\"45dcfd49\" data-element_type=\"container\" data-e-type=\"container\">\n\t\t\t\t\t<div class=\"e-con-inner\">\n\t\t\t\t<div class=\"elementor-element elementor-element-f59f888 elementor-view-stacked elementor-shape-circle elementor-widget elementor-widget-icon\" data-id=\"f59f888\" data-element_type=\"widget\" data-e-type=\"widget\" data-widget_type=\"icon.default\">\n\t\t\t\t\t\t\t<div class=\"elementor-icon-wrapper\">\n\t\t\t<div class=\"elementor-icon\">\n\t\t\t<i aria-hidden=\"true\" class=\"fas fa-shield-alt\"><\/i>\t\t\t<\/div>\n\t\t<\/div>\n\t\t\t\t\t\t<\/div>\n\t\t\t\t<div class=\"elementor-element elementor-element-784e3e0f elementor-widget elementor-widget-heading\" data-id=\"784e3e0f\" data-element_type=\"widget\" data-e-type=\"widget\" data-widget_type=\"heading.default\">\n\t\t\t\t\t<h5 class=\"elementor-heading-title elementor-size-default\">Atualidade<\/h5>\t\t\t\t<\/div>\n\t\t\t\t<div class=\"elementor-element elementor-element-5ac1c0be elementor-widget elementor-widget-text-editor\" data-id=\"5ac1c0be\" data-element_type=\"widget\" data-e-type=\"widget\" data-widget_type=\"text-editor.default\">\n\t\t\t\t\t\t\t\t\t<p>S\u00e3o Barnab\u00e9 pertence atualmente \u00e0 comarca de Almod\u00f4var.<\/p>\t\t\t\t\t\t\t\t<\/div>\n\t\t\t\t\t<\/div>\n\t\t\t\t<\/div>\n\t\t\t\t\t<\/div>\n\t\t\t\t<\/div>\n\t\t<div class=\"elementor-element elementor-element-7c27d0a4 e-con-full e-flex e-con e-parent\" data-id=\"7c27d0a4\" data-element_type=\"container\" data-e-type=\"container\" data-settings=\"{&quot;background_background&quot;:&quot;classic&quot;}\">\n\t\t<div class=\"elementor-element elementor-element-1c74b1b6 e-flex e-con-boxed e-con e-child\" data-id=\"1c74b1b6\" data-element_type=\"container\" data-e-type=\"container\" data-settings=\"{&quot;background_background&quot;:&quot;classic&quot;}\">\n\t\t\t\t\t<div class=\"e-con-inner\">\n\t\t<div class=\"elementor-element elementor-element-3debb4f e-flex e-con-boxed e-con e-child\" data-id=\"3debb4f\" data-element_type=\"container\" data-e-type=\"container\">\n\t\t\t\t\t<div class=\"e-con-inner\">\n\t\t\t\t<div class=\"elementor-element elementor-element-c1e571d elementor-view-stacked elementor-shape-circle elementor-widget elementor-widget-icon\" data-id=\"c1e571d\" data-element_type=\"widget\" data-e-type=\"widget\" data-widget_type=\"icon.default\">\n\t\t\t\t\t\t\t<div class=\"elementor-icon-wrapper\">\n\t\t\t<div class=\"elementor-icon\">\n\t\t\t<i aria-hidden=\"true\" class=\"fas fa-chess-rook\"><\/i>\t\t\t<\/div>\n\t\t<\/div>\n\t\t\t\t\t\t<\/div>\n\t\t\t\t<div class=\"elementor-element elementor-element-509ecdf7 elementor-widget elementor-widget-heading\" data-id=\"509ecdf7\" data-element_type=\"widget\" data-e-type=\"widget\" data-widget_type=\"heading.default\">\n\t\t\t\t\t<h3 class=\"elementor-heading-title elementor-size-default\">Civiliza\u00e7\u00e3o Castreja e presen\u00e7a Romana<\/h3>\t\t\t\t<\/div>\n\t\t\t\t<div class=\"elementor-element elementor-element-3906d4d1 elementor-widget elementor-widget-text-editor\" data-id=\"3906d4d1\" data-element_type=\"widget\" data-e-type=\"widget\" data-widget_type=\"text-editor.default\">\n\t\t\t\t\t\t\t\t\t<p>O povoamento da freguesia \u00e9 muito antigo e remonta ao tempo da civiliza\u00e7\u00e3o castreja, no qual as popula\u00e7\u00f5es constru\u00edam os seus castros no cimo dos outeiros, conservando-se em estado de permanente defesa. Mais tarde, por altura da coloniza\u00e7\u00e3o Romana, esses guerreiros e pastores desceram dos seus castros e fixaram-se nos vales e zonas mais f\u00e9rteis da freguesia onde fundaram as denominadas \u201cvillas\u201d, convertendo-se em agricultores e construindo pontes e estradas tra\u00e7adas pelos Romanos.<\/p>\t\t\t\t\t\t\t\t<\/div>\n\t\t\t\t\t<\/div>\n\t\t\t\t<\/div>\n\t\t<div class=\"elementor-element elementor-element-5be18fc6 e-flex e-con-boxed e-con e-child\" data-id=\"5be18fc6\" data-element_type=\"container\" data-e-type=\"container\">\n\t\t\t\t\t<div class=\"e-con-inner\">\n\t\t\t\t\t<\/div>\n\t\t\t\t<\/div>\n\t\t\t\t\t<\/div>\n\t\t\t\t<\/div>\n\t\t<div class=\"elementor-element elementor-element-3870abac e-flex e-con-boxed e-con e-child\" data-id=\"3870abac\" data-element_type=\"container\" data-e-type=\"container\" data-settings=\"{&quot;background_background&quot;:&quot;classic&quot;}\">\n\t\t\t\t\t<div class=\"e-con-inner\">\n\t\t<div class=\"elementor-element elementor-element-eefe242 e-flex e-con-boxed e-con e-child\" data-id=\"eefe242\" data-element_type=\"container\" data-e-type=\"container\">\n\t\t\t\t\t<div class=\"e-con-inner\">\n\t\t\t\t\t<\/div>\n\t\t\t\t<\/div>\n\t\t<div class=\"elementor-element elementor-element-4d16c36c e-flex e-con-boxed e-con e-child\" data-id=\"4d16c36c\" data-element_type=\"container\" data-e-type=\"container\">\n\t\t\t\t\t<div class=\"e-con-inner\">\n\t\t\t\t<div class=\"elementor-element elementor-element-4d35b6d0 elementor-view-stacked elementor-shape-circle elementor-widget elementor-widget-icon\" data-id=\"4d35b6d0\" data-element_type=\"widget\" data-e-type=\"widget\" data-widget_type=\"icon.default\">\n\t\t\t\t\t\t\t<div class=\"elementor-icon-wrapper\">\n\t\t\t<div class=\"elementor-icon\">\n\t\t\t<i aria-hidden=\"true\" class=\"fas fa-wind\"><\/i>\t\t\t<\/div>\n\t\t<\/div>\n\t\t\t\t\t\t<\/div>\n\t\t\t\t<div class=\"elementor-element elementor-element-13ffa58e elementor-widget elementor-widget-heading\" data-id=\"13ffa58e\" data-element_type=\"widget\" data-e-type=\"widget\" data-widget_type=\"heading.default\">\n\t\t\t\t\t<h3 class=\"elementor-heading-title elementor-size-default\">A Ordem Militar de Santiago<\/h3>\t\t\t\t<\/div>\n\t\t\t\t<div class=\"elementor-element elementor-element-691e4898 elementor-widget elementor-widget-text-editor\" data-id=\"691e4898\" data-element_type=\"widget\" data-e-type=\"widget\" data-widget_type=\"text-editor.default\">\n\t\t\t\t\t\t\t\t\t<p>Durante a Idade M\u00e9dia, a Ordem Militar de Santiago implantou-se na freguesia, impulsionando o seu desenvolvimento. Alguns moinhos de vento de uso comunit\u00e1rio que foram constru\u00eddos nessa altura ainda podem ser apreciados na freguesia.<\/p>\t\t\t\t\t\t\t\t<\/div>\n\t\t\t\t\t<\/div>\n\t\t\t\t<\/div>\n\t\t\t\t\t<\/div>\n\t\t\t\t<\/div>\n\t\t<div class=\"elementor-element elementor-element-5aeca77b e-flex e-con-boxed e-con e-child\" data-id=\"5aeca77b\" data-element_type=\"container\" data-e-type=\"container\" data-settings=\"{&quot;background_background&quot;:&quot;classic&quot;}\">\n\t\t\t\t\t<div class=\"e-con-inner\">\n\t\t<div class=\"elementor-element elementor-element-776e8902 e-flex e-con-boxed e-con e-child\" data-id=\"776e8902\" data-element_type=\"container\" data-e-type=\"container\">\n\t\t\t\t\t<div class=\"e-con-inner\">\n\t\t\t\t<div class=\"elementor-element elementor-element-3e12faef elementor-view-stacked elementor-shape-circle elementor-widget elementor-widget-icon\" data-id=\"3e12faef\" data-element_type=\"widget\" data-e-type=\"widget\" data-widget_type=\"icon.default\">\n\t\t\t\t\t\t\t<div class=\"elementor-icon-wrapper\">\n\t\t\t<div class=\"elementor-icon\">\n\t\t\t<i aria-hidden=\"true\" class=\"fas fa-church\"><\/i>\t\t\t<\/div>\n\t\t<\/div>\n\t\t\t\t\t\t<\/div>\n\t\t\t\t<div class=\"elementor-element elementor-element-6a76207f elementor-widget elementor-widget-heading\" data-id=\"6a76207f\" data-element_type=\"widget\" data-e-type=\"widget\" data-widget_type=\"heading.default\">\n\t\t\t\t\t<h3 class=\"elementor-heading-title elementor-size-default\">Santa Susana<\/h3>\t\t\t\t<\/div>\n\t\t\t\t<div class=\"elementor-element elementor-element-6dec575f elementor-widget elementor-widget-text-editor\" data-id=\"6dec575f\" data-element_type=\"widget\" data-e-type=\"widget\" data-widget_type=\"text-editor.default\">\n\t\t\t\t\t\t\t\t\t<p>No s\u00e9culo XVII a povoa\u00e7\u00e3o de Santa Susana constitu\u00eda uma freguesia independente e possu\u00eda uma Igreja pr\u00f3pria, a Capela de Santa Susana.<\/p>\t\t\t\t\t\t\t\t<\/div>\n\t\t\t\t\t<\/div>\n\t\t\t\t<\/div>\n\t\t<div class=\"elementor-element elementor-element-edbf01e e-flex e-con-boxed e-con e-child\" data-id=\"edbf01e\" data-element_type=\"container\" data-e-type=\"container\">\n\t\t\t\t\t<div class=\"e-con-inner\">\n\t\t\t\t\t<\/div>\n\t\t\t\t<\/div>\n\t\t\t\t\t<\/div>\n\t\t\t\t<\/div>\n\t\t<div class=\"elementor-element elementor-element-877285b e-flex e-con-boxed e-con e-child\" data-id=\"877285b\" data-element_type=\"container\" data-e-type=\"container\" data-settings=\"{&quot;background_background&quot;:&quot;classic&quot;}\">\n\t\t\t\t\t<div class=\"e-con-inner\">\n\t\t<div class=\"elementor-element elementor-element-329e87f e-flex e-con-boxed e-con e-child\" data-id=\"329e87f\" data-element_type=\"container\" data-e-type=\"container\">\n\t\t\t\t\t<div class=\"e-con-inner\">\n\t\t\t\t\t<\/div>\n\t\t\t\t<\/div>\n\t\t<div class=\"elementor-element elementor-element-7ca61ba0 e-flex e-con-boxed e-con e-child\" data-id=\"7ca61ba0\" data-element_type=\"container\" data-e-type=\"container\">\n\t\t\t\t\t<div class=\"e-con-inner\">\n\t\t\t\t<div class=\"elementor-element elementor-element-a874c51 elementor-view-stacked elementor-shape-circle elementor-widget elementor-widget-icon\" data-id=\"a874c51\" data-element_type=\"widget\" data-e-type=\"widget\" data-widget_type=\"icon.default\">\n\t\t\t\t\t\t\t<div class=\"elementor-icon-wrapper\">\n\t\t\t<div class=\"elementor-icon\">\n\t\t\t<i aria-hidden=\"true\" class=\"fas fa-book-open\"><\/i>\t\t\t<\/div>\n\t\t<\/div>\n\t\t\t\t\t\t<\/div>\n\t\t\t\t<div class=\"elementor-element elementor-element-18bd5d52 elementor-widget elementor-widget-heading\" data-id=\"18bd5d52\" data-element_type=\"widget\" data-e-type=\"widget\" data-widget_type=\"heading.default\">\n\t\t\t\t\t<h3 class=\"elementor-heading-title elementor-size-default\">As diferentes comarcas<\/h3>\t\t\t\t<\/div>\n\t\t\t\t<div class=\"elementor-element elementor-element-1fb12fa5 elementor-widget elementor-widget-text-editor\" data-id=\"1fb12fa5\" data-element_type=\"widget\" data-e-type=\"widget\" data-widget_type=\"text-editor.default\">\n\t\t\t\t\t\t\t\t\t<p>A freguesia de S\u00e3o Barnab\u00e9 atualmente pertence \u00e0 comarca de Almod\u00f4var mas anteriormente j\u00e1 fez parte de diversas comarcas. No ano de 1852 a freguesia pertencia \u00e0 comarca de M\u00e9rtola e no ano de 1885 \u00e0 comarca de Ourique.<\/p>\t\t\t\t\t\t\t\t<\/div>\n\t\t\t\t\t<\/div>\n\t\t\t\t<\/div>\n\t\t\t\t\t<\/div>\n\t\t\t\t<\/div>\n\t\t\t\t<\/div>\n\t\t<div class=\"elementor-element elementor-element-19c40d3a e-flex e-con-boxed e-con e-parent\" data-id=\"19c40d3a\" data-element_type=\"container\" data-e-type=\"container\" data-settings=\"{&quot;background_background&quot;:&quot;classic&quot;}\">\n\t\t\t\t\t<div class=\"e-con-inner\">\n\t\t\t\t<div class=\"elementor-element elementor-element-5f44f77a elementor-widget elementor-widget-heading\" data-id=\"5f44f77a\" data-element_type=\"widget\" data-e-type=\"widget\" data-widget_type=\"heading.default\">\n\t\t\t\t\t<h6 class=\"elementor-heading-title elementor-size-default\">PATRIM\u00d3NIO E IDENTIDADE<\/h6>\t\t\t\t<\/div>\n\t\t\t\t<div class=\"elementor-element elementor-element-744cf6cc elementor-widget elementor-widget-heading\" data-id=\"744cf6cc\" data-element_type=\"widget\" data-e-type=\"widget\" data-widget_type=\"heading.default\">\n\t\t\t\t\t<h2 class=\"elementor-heading-title elementor-size-default\">Tradi\u00e7\u00e3o que se mant\u00e9m viva<\/h2>\t\t\t\t<\/div>\n\t\t\t\t<div class=\"elementor-element elementor-element-3b64daf6 elementor-widget elementor-widget-text-editor\" data-id=\"3b64daf6\" data-element_type=\"widget\" data-e-type=\"widget\" data-widget_type=\"text-editor.default\">\n\t\t\t\t\t\t\t\t\t<p>O nosso patrim\u00f3nio cultural, religioso e natural \u00e9 testemunho das gera\u00e7\u00f5es que nos antecederam e da liga\u00e7\u00e3o profunda \u00e0 nossa terra. Festividades, romarias, gastronomia e saberes tradicionais continuam a unir a nossa comunidade.<\/p>\t\t\t\t\t\t\t\t<\/div>\n\t\t<div class=\"elementor-element elementor-element-1734c4eb e-grid e-con-boxed e-con e-child\" data-id=\"1734c4eb\" data-element_type=\"container\" data-e-type=\"container\">\n\t\t\t\t\t<div class=\"e-con-inner\">\n\t\t<div class=\"elementor-element elementor-element-440c2991 e-flex e-con-boxed e-con e-child\" data-id=\"440c2991\" data-element_type=\"container\" data-e-type=\"container\">\n\t\t\t\t\t<div class=\"e-con-inner\">\n\t\t\t\t<div class=\"elementor-element elementor-element-7b8a8a24 elementor-view-default elementor-widget elementor-widget-icon\" data-id=\"7b8a8a24\" data-element_type=\"widget\" data-e-type=\"widget\" data-widget_type=\"icon.default\">\n\t\t\t\t\t\t\t<div class=\"elementor-icon-wrapper\">\n\t\t\t<div class=\"elementor-icon\">\n\t\t\t<i aria-hidden=\"true\" class=\"fas fa-landmark\"><\/i>\t\t\t<\/div>\n\t\t<\/div>\n\t\t\t\t\t\t<\/div>\n\t\t\t\t<div class=\"elementor-element elementor-element-199060ce elementor-widget elementor-widget-heading\" data-id=\"199060ce\" data-element_type=\"widget\" data-e-type=\"widget\" data-widget_type=\"heading.default\">\n\t\t\t\t\t<h5 class=\"elementor-heading-title elementor-size-default\">Patrim\u00f3nio Cultural<\/h5>\t\t\t\t<\/div>\n\t\t\t\t<div class=\"elementor-element elementor-element-631bc56 elementor-widget elementor-widget-text-editor\" data-id=\"631bc56\" data-element_type=\"widget\" data-e-type=\"widget\" data-widget_type=\"text-editor.default\">\n\t\t\t\t\t\t\t\t\t<p>Monumentos, edif\u00edcios e s\u00edmbolos que contam a nossa hist\u00f3ria.<\/p>\t\t\t\t\t\t\t\t<\/div>\n\t\t\t\t\t<\/div>\n\t\t\t\t<\/div>\n\t\t<div class=\"elementor-element elementor-element-492fd46d e-flex e-con-boxed e-con e-child\" data-id=\"492fd46d\" data-element_type=\"container\" data-e-type=\"container\">\n\t\t\t\t\t<div class=\"e-con-inner\">\n\t\t\t\t<div class=\"elementor-element elementor-element-527d266c elementor-view-default elementor-widget elementor-widget-icon\" data-id=\"527d266c\" data-element_type=\"widget\" data-e-type=\"widget\" data-widget_type=\"icon.default\">\n\t\t\t\t\t\t\t<div class=\"elementor-icon-wrapper\">\n\t\t\t<div class=\"elementor-icon\">\n\t\t\t<i aria-hidden=\"true\" class=\"fas fa-sun\"><\/i>\t\t\t<\/div>\n\t\t<\/div>\n\t\t\t\t\t\t<\/div>\n\t\t\t\t<div class=\"elementor-element elementor-element-2dc1f890 elementor-widget elementor-widget-heading\" data-id=\"2dc1f890\" data-element_type=\"widget\" data-e-type=\"widget\" data-widget_type=\"heading.default\">\n\t\t\t\t\t<h5 class=\"elementor-heading-title elementor-size-default\">Tradi\u00e7\u00f5es e Festividades<\/h5>\t\t\t\t<\/div>\n\t\t\t\t<div class=\"elementor-element elementor-element-40620a70 elementor-widget elementor-widget-text-editor\" data-id=\"40620a70\" data-element_type=\"widget\" data-e-type=\"widget\" data-widget_type=\"text-editor.default\">\n\t\t\t\t\t\t\t\t\t<p>Romarias, festas e eventos que unem e preservam a nossa identidade.<\/p>\t\t\t\t\t\t\t\t<\/div>\n\t\t\t\t\t<\/div>\n\t\t\t\t<\/div>\n\t\t<div class=\"elementor-element elementor-element-5a02fb8d e-flex e-con-boxed e-con e-child\" data-id=\"5a02fb8d\" data-element_type=\"container\" data-e-type=\"container\">\n\t\t\t\t\t<div class=\"e-con-inner\">\n\t\t\t\t<div class=\"elementor-element elementor-element-537d7373 elementor-view-default elementor-widget elementor-widget-icon\" data-id=\"537d7373\" data-element_type=\"widget\" data-e-type=\"widget\" data-widget_type=\"icon.default\">\n\t\t\t\t\t\t\t<div class=\"elementor-icon-wrapper\">\n\t\t\t<div class=\"elementor-icon\">\n\t\t\t<i aria-hidden=\"true\" class=\"fas fa-users\"><\/i>\t\t\t<\/div>\n\t\t<\/div>\n\t\t\t\t\t\t<\/div>\n\t\t\t\t<div class=\"elementor-element elementor-element-6dd04941 elementor-widget elementor-widget-heading\" data-id=\"6dd04941\" data-element_type=\"widget\" data-e-type=\"widget\" data-widget_type=\"heading.default\">\n\t\t\t\t\t<h5 class=\"elementor-heading-title elementor-size-default\">Gente e Comunidade<\/h5>\t\t\t\t<\/div>\n\t\t\t\t<div class=\"elementor-element elementor-element-3deae527 elementor-widget elementor-widget-text-editor\" data-id=\"3deae527\" data-element_type=\"widget\" data-e-type=\"widget\" data-widget_type=\"text-editor.default\">\n\t\t\t\t\t\t\t\t\t<p>O maior patrim\u00f3nio s\u00e3o as pessoas que fazem de S\u00e3o Barnab\u00e9 um lugar \u00fanico.<\/p>\t\t\t\t\t\t\t\t<\/div>\n\t\t\t\t\t<\/div>\n\t\t\t\t<\/div>\n\t\t<div class=\"elementor-element elementor-element-414629a e-flex e-con-boxed e-con e-child\" data-id=\"414629a\" data-element_type=\"container\" data-e-type=\"container\">\n\t\t\t\t\t<div class=\"e-con-inner\">\n\t\t\t\t<div class=\"elementor-element elementor-element-63369eb9 elementor-view-default elementor-widget elementor-widget-icon\" data-id=\"63369eb9\" data-element_type=\"widget\" data-e-type=\"widget\" data-widget_type=\"icon.default\">\n\t\t\t\t\t\t\t<div class=\"elementor-icon-wrapper\">\n\t\t\t<div class=\"elementor-icon\">\n\t\t\t<i aria-hidden=\"true\" class=\"fas fa-wind\"><\/i>\t\t\t<\/div>\n\t\t<\/div>\n\t\t\t\t\t\t<\/div>\n\t\t\t\t<div class=\"elementor-element elementor-element-61166c61 elementor-widget elementor-widget-heading\" data-id=\"61166c61\" data-element_type=\"widget\" data-e-type=\"widget\" data-widget_type=\"heading.default\">\n\t\t\t\t\t<h5 class=\"elementor-heading-title elementor-size-default\">Moinhos e Patrim\u00f3nio Rural<\/h5>\t\t\t\t<\/div>\n\t\t\t\t<div class=\"elementor-element elementor-element-11bee660 elementor-widget elementor-widget-text-editor\" data-id=\"11bee660\" data-element_type=\"widget\" data-e-type=\"widget\" data-widget_type=\"text-editor.default\">\n\t\t\t\t\t\t\t\t\t<p>Antigos moinhos de vento e paisagens que fazem parte da nossa mem\u00f3ria coletiva.<\/p>\t\t\t\t\t\t\t\t<\/div>\n\t\t\t\t\t<\/div>\n\t\t\t\t<\/div>\n\t\t\t\t\t<\/div>\n\t\t\t\t<\/div>\n\t\t\t\t\t<\/div>\n\t\t\t\t<\/div>\n\t\t\t\t<\/div>\n\t\t","protected":false},"excerpt":{"rendered":"<p>A Nossa Hist\u00f3ria, as Nossas Ra\u00edzes Conhe\u00e7a a hist\u00f3ria, o territ\u00f3rio e as tradi\u00e7\u00f5es que fazem de S\u00e3o Barnab\u00e9 uma freguesia \u00fanica. A NOSSA HIST\u00d3RIA A Hist\u00f3ria de S\u00e3o Barnab\u00e9 As origens de S\u00e3o Barnab\u00e9 perdem-se no tempo. O povoamento do territ\u00f3rio \u00e9 muito antigo, remontando \u00e0 civiliza\u00e7\u00e3o castreja e passando posteriormente pela presen\u00e7a romana [&hellip;]<\/p>\n","protected":false},"author":1,"featured_media":0,"parent":0,"menu_order":0,"comment_status":"closed","ping_status":"closed","template":"","meta":{"footnotes":""},"class_list":["post-44","page","type-page","status-publish","hentry"],"_links":{"self":[{"href":"https:\/\/www.jf-sbarnabe.pt\/dev\/wp-json\/wp\/v2\/pages\/44","targetHints":{"allow":["GET"]}}],"collection":[{"href":"https:\/\/www.jf-sbarnabe.pt\/dev\/wp-json\/wp\/v2\/pages"}],"about":[{"href":"https:\/\/www.jf-sbarnabe.pt\/dev\/wp-json\/wp\/v2\/types\/page"}],"author":[{"embeddable":true,"href":"https:\/\/www.jf-sbarnabe.pt\/dev\/wp-json\/wp\/v2\/users\/1"}],"replies":[{"embeddable":true,"href":"https:\/\/www.jf-sbarnabe.pt\/dev\/wp-json\/wp\/v2\/comments?post=44"}],"version-history":[{"count":40,"href":"https:\/\/www.jf-sbarnabe.pt\/dev\/wp-json\/wp\/v2\/pages\/44\/revisions"}],"predecessor-version":[{"id":349,"href":"https:\/\/www.jf-sbarnabe.pt\/dev\/wp-json\/wp\/v2\/pages\/44\/revisions\/349"}],"wp:attachment":[{"href":"https:\/\/www.jf-sbarnabe.pt\/dev\/wp-json\/wp\/v2\/media?parent=44"}],"curies":[{"name":"wp","href":"https:\/\/api.w.org\/{rel}","templated":true}]}}