{"id":40,"date":"2026-08-12T15:03:55","date_gmt":"2026-08-12T15:03:55","guid":{"rendered":"https:\/\/www.jf-sbarnabe.pt\/dev\/?page_id=40"},"modified":"2026-08-29T10:29:23","modified_gmt":"2026-08-29T10:29:23","slug":"noticias","status":"publish","type":"page","link":"https:\/\/www.jf-sbarnabe.pt\/dev\/noticias\/","title":{"rendered":"Not\u00edcias"},"content":{"rendered":"\t\t<div data-elementor-type=\"wp-page\" data-elementor-id=\"40\" class=\"elementor elementor-40\">\n\t\t\t\t<div class=\"elementor-element elementor-element-b03959e e-flex e-con-boxed e-con e-parent\" data-id=\"b03959e\" data-element_type=\"container\" data-e-type=\"container\" data-settings=\"{&quot;background_background&quot;:&quot;classic&quot;}\">\n\t\t\t\t\t<div class=\"e-con-inner\">\n\t\t<div class=\"elementor-element elementor-element-a75307f e-con-full e-flex e-con e-child\" data-id=\"a75307f\" data-element_type=\"container\" data-e-type=\"container\">\n\t\t\t\t<div class=\"elementor-element elementor-element-c674008 elementor-widget elementor-widget-heading\" data-id=\"c674008\" data-element_type=\"widget\" data-e-type=\"widget\" data-widget_type=\"heading.default\">\n\t\t\t\t\t<h6 class=\"elementor-heading-title elementor-size-default\">Not\u00edcias<\/h6>\t\t\t\t<\/div>\n\t\t\t\t<div class=\"elementor-element elementor-element-1ef2ef6 elementor-widget elementor-widget-heading\" data-id=\"1ef2ef6\" data-element_type=\"widget\" data-e-type=\"widget\" data-widget_type=\"heading.default\">\n\t\t\t\t\t<h1 class=\"elementor-heading-title elementor-size-default\">Acompanhe o que acontece em S\u00e3o Barnab\u00e9<\/h1>\t\t\t\t<\/div>\n\t\t\t\t<div class=\"elementor-element elementor-element-cee066a elementor-widget-divider--view-line elementor-widget elementor-widget-divider\" data-id=\"cee066a\" data-element_type=\"widget\" data-e-type=\"widget\" data-widget_type=\"divider.default\">\n\t\t\t\t\t\t\t<div class=\"elementor-divider\">\n\t\t\t<span class=\"elementor-divider-separator\">\n\t\t\t\t\t\t<\/span>\n\t\t<\/div>\n\t\t\t\t\t\t<\/div>\n\t\t\t\t<div class=\"elementor-element elementor-element-5d6ae3d elementor-widget__width-initial elementor-widget elementor-widget-text-editor\" data-id=\"5d6ae3d\" data-element_type=\"widget\" data-e-type=\"widget\" data-widget_type=\"text-editor.default\">\n\t\t\t\t\t\t\t\t\t<p>Consulte as \u00faltimas not\u00edcias, avisos, iniciativas e acontecimentos da freguesia e mantenha-se informado sobre tudo o que importa \u00e0 nossa comunidade.<\/p>\t\t\t\t\t\t\t\t<\/div>\n\t\t\t\t<\/div>\n\t\t\t\t\t<\/div>\n\t\t\t\t<\/div>\n\t\t<div class=\"elementor-element elementor-element-1f221da e-flex e-con-boxed e-con e-parent\" data-id=\"1f221da\" data-element_type=\"container\" data-e-type=\"container\">\n\t\t\t\t\t<div class=\"e-con-inner\">\n\t\t\t\t<div class=\"elementor-element elementor-element-5a3de18 elementor-grid-eael-col-2 elementor-grid-tablet-eael-col-2 elementor-grid-mobile-eael-col-1 elementor-widget elementor-widget-eael-post-grid\" data-id=\"5a3de18\" data-element_type=\"widget\" data-e-type=\"widget\" data-settings=\"{&quot;eael_post_grid_columns&quot;:&quot;eael-col-2&quot;,&quot;eael_post_grid_columns_tablet&quot;:&quot;eael-col-2&quot;,&quot;eael_post_grid_columns_mobile&quot;:&quot;eael-col-1&quot;}\" data-widget_type=\"eael-post-grid.default\">\n\t\t\t\t\t<div id=\"eael-post-grid-5a3de18\" class=\"eael-post-grid-container\">\n            <div class=\"eael-post-grid eael-post-appender eael-post-appender-5a3de18 eael-post-grid-style-default\" data-layout-mode=\"masonry\"><article class=\"eael-grid-post eael-post-grid-column eael-pg-post-657 category-uncategorized\" data-id=\"657\">\n        <div class=\"eael-grid-post-holder\">\n            <div class=\"eael-grid-post-holder-inner\"><div class=\"eael-entry-wrapper\"><header class=\"eael-entry-header\"><h2 class=\"eael-entry-title\"><a\n                        class=\"eael-grid-post-link\"\n                        href=\"https:\/\/www.jf-sbarnabe.pt\/dev\/2026\/08\/29\/novas-letras-monobloco-felizes\/\"\n                        title=\"Novas letras monobloco d\u00e3o destaque \u00e0 localidade de Felizes\">Novas letras monobloco d\u00e3o destaque \u00e0 localidade de Felizes<\/a><\/h2><\/header><div class=\"eael-entry-content\">\n                        <div class=\"eael-grid-post-excerpt\"><p>A localidade de Felizes conta agora com novas letras monobloco, uma interven\u00e7\u00e3o que valoriza a identidade do lugar e contribui para tornar este espa\u00e7o mais atrativo e reconhec\u00edvel.<\/p><\/div>\n                    <\/div><\/div><div class=\"eael-entry-media\"><div class=\"eael-entry-overlay fade-in\"><i class=\"fas fa-long-arrow-alt-right\" aria-hidden=\"true\"><\/i><a href=\"https:\/\/www.jf-sbarnabe.pt\/dev\/2026\/08\/29\/novas-letras-monobloco-felizes\/\"><\/a><\/div><div class=\"eael-entry-thumbnail eael-image-ratio\">\n                <img fetchpriority=\"high\" decoding=\"async\" width=\"1875\" height=\"1875\" src=\"https:\/\/www.jf-sbarnabe.pt\/dev\/wp-content\/uploads\/2026\/08\/01.jpg\" class=\"attachment-full size-full wp-image-654\" alt=\"\" srcset=\"https:\/\/www.jf-sbarnabe.pt\/dev\/wp-content\/uploads\/2026\/08\/01.jpg 1875w, https:\/\/www.jf-sbarnabe.pt\/dev\/wp-content\/uploads\/2026\/08\/01-300x300.jpg 300w, https:\/\/www.jf-sbarnabe.pt\/dev\/wp-content\/uploads\/2026\/08\/01-1024x1024.jpg 1024w, https:\/\/www.jf-sbarnabe.pt\/dev\/wp-content\/uploads\/2026\/08\/01-150x150.jpg 150w, https:\/\/www.jf-sbarnabe.pt\/dev\/wp-content\/uploads\/2026\/08\/01-768x768.jpg 768w, https:\/\/www.jf-sbarnabe.pt\/dev\/wp-content\/uploads\/2026\/08\/01-1536x1536.jpg 1536w\" sizes=\"(max-width: 1875px) 100vw, 1875px\" \/>\n            <\/div>\n        <\/div><\/div>\n        <\/div>\n    <\/article><article class=\"eael-grid-post eael-post-grid-column eael-pg-post-653 category-uncategorized\" data-id=\"653\">\n        <div class=\"eael-grid-post-holder\">\n            <div class=\"eael-grid-post-holder-inner\"><div class=\"eael-entry-wrapper\"><header class=\"eael-entry-header\"><h2 class=\"eael-entry-title\"><a\n                        class=\"eael-grid-post-link\"\n                        href=\"https:\/\/www.jf-sbarnabe.pt\/dev\/2026\/08\/29\/a-junta-de-freguesia-de-sao-barnabe-marcou-presenca-em-mais-uma-edicao-da-facal\/\"\n                        title=\"A Junta de Freguesia de S\u00e3o Barnab\u00e9 marcou presen\u00e7a em mais uma edi\u00e7\u00e3o da FACAL\">A Junta de Freguesia de S\u00e3o Barnab\u00e9 marcou presen\u00e7a em mais uma edi\u00e7\u00e3o da FACAL<\/a><\/h2><\/header><div class=\"eael-entry-content\">\n                        <div class=\"eael-grid-post-excerpt\"><p>A Junta de Freguesia de S\u00e3o Barnab\u00e9 esteve presente em mais uma edi\u00e7\u00e3o da FACAL, refor\u00e7ando a divulga\u00e7\u00e3o da freguesia, das suas tradi\u00e7\u00f5es e da identidade local junto de visitantes e da comunidade.<\/p><\/div>\n                    <\/div><\/div><div class=\"eael-entry-media\"><div class=\"eael-entry-overlay fade-in\"><i class=\"fas fa-long-arrow-alt-right\" aria-hidden=\"true\"><\/i><a href=\"https:\/\/www.jf-sbarnabe.pt\/dev\/2026\/08\/29\/a-junta-de-freguesia-de-sao-barnabe-marcou-presenca-em-mais-uma-edicao-da-facal\/\"><\/a><\/div><div class=\"eael-entry-thumbnail eael-image-ratio\">\n                <img decoding=\"async\" width=\"2000\" height=\"1500\" src=\"https:\/\/www.jf-sbarnabe.pt\/dev\/wp-content\/uploads\/2026\/08\/02.jpg\" class=\"attachment-full size-full wp-image-655\" alt=\"\" srcset=\"https:\/\/www.jf-sbarnabe.pt\/dev\/wp-content\/uploads\/2026\/08\/02.jpg 2000w, https:\/\/www.jf-sbarnabe.pt\/dev\/wp-content\/uploads\/2026\/08\/02-300x225.jpg 300w, https:\/\/www.jf-sbarnabe.pt\/dev\/wp-content\/uploads\/2026\/08\/02-1024x768.jpg 1024w, https:\/\/www.jf-sbarnabe.pt\/dev\/wp-content\/uploads\/2026\/08\/02-768x576.jpg 768w, https:\/\/www.jf-sbarnabe.pt\/dev\/wp-content\/uploads\/2026\/08\/02-1536x1152.jpg 1536w\" sizes=\"(max-width: 2000px) 100vw, 2000px\" \/>\n            <\/div>\n        <\/div><\/div>\n        <\/div>\n    <\/article><\/div>\n            <div class=\"clearfix\"><\/div>\n        <\/div>\t\t\t\t<\/div>\n\t\t\t\t\t<\/div>\n\t\t\t\t<\/div>\n\t\t\t\t<\/div>\n\t\t","protected":false},"excerpt":{"rendered":"<p>Not\u00edcias Acompanhe o que acontece em S\u00e3o Barnab\u00e9 Consulte as \u00faltimas not\u00edcias, avisos, iniciativas e acontecimentos da freguesia e mantenha-se informado sobre tudo o que importa \u00e0 nossa comunidade. Novas letras monobloco d\u00e3o destaque \u00e0 localidade de Felizes A localidade de Felizes conta agora com novas letras monobloco, uma interven\u00e7\u00e3o que valoriza a identidade do [&hellip;]<\/p>\n","protected":false},"author":1,"featured_media":0,"parent":0,"menu_order":0,"comment_status":"closed","ping_status":"closed","template":"","meta":{"footnotes":""},"class_list":["post-40","page","type-page","status-publish","hentry"],"_links":{"self":[{"href":"https:\/\/www.jf-sbarnabe.pt\/dev\/wp-json\/wp\/v2\/pages\/40","targetHints":{"allow":["GET"]}}],"collection":[{"href":"https:\/\/www.jf-sbarnabe.pt\/dev\/wp-json\/wp\/v2\/pages"}],"about":[{"href":"https:\/\/www.jf-sbarnabe.pt\/dev\/wp-json\/wp\/v2\/types\/page"}],"author":[{"embeddable":true,"href":"https:\/\/www.jf-sbarnabe.pt\/dev\/wp-json\/wp\/v2\/users\/1"}],"replies":[{"embeddable":true,"href":"https:\/\/www.jf-sbarnabe.pt\/dev\/wp-json\/wp\/v2\/comments?post=40"}],"version-history":[{"count":13,"href":"https:\/\/www.jf-sbarnabe.pt\/dev\/wp-json\/wp\/v2\/pages\/40\/revisions"}],"predecessor-version":[{"id":678,"href":"https:\/\/www.jf-sbarnabe.pt\/dev\/wp-json\/wp\/v2\/pages\/40\/revisions\/678"}],"wp:attachment":[{"href":"https:\/\/www.jf-sbarnabe.pt\/dev\/wp-json\/wp\/v2\/media?parent=40"}],"curies":[{"name":"wp","href":"https:\/\/api.w.org\/{rel}","templated":true}]}}